{"id":2494,"date":"2024-09-07T03:52:24","date_gmt":"2021-02-26T20:33:06","guid":{"rendered":""},"modified":"2024-09-07T08:00:45","modified_gmt":"2024-09-07T08:00:45","slug":"faq","status":"publish","type":"page","link":"https:\/\/maf.invictus-asso.fr\/index.php\/faq\/","title":{"rendered":"FAQ"},"content":{"rendered":"\n<div class=\"wp-block-media-text alignwide has-media-on-the-right is-stacked-on-mobile is-image-fill is-style-default\"><div class=\"wp-block-media-text__content\">\n<h2 class=\"wp-block-heading\" id=\"h-got-questions-we-re-here-to-help-get-you-started-with-our-product\"><strong>Vous avez des questions ? Nous sommes l\u00e0 pour vous aider <\/strong><\/h2>\n<\/div><figure class=\"wp-block-media-text__media\" style=\"background-image:url(https:\/\/maf.invictus-asso.fr\/wp-content\/uploads\/2021\/02\/pexels-dids-1616472-1-scaled-1.jpg);background-position:50% 50%\"><img fetchpriority=\"high\" decoding=\"async\" width=\"2560\" height=\"1707\" src=\"https:\/\/maf.invictus-asso.fr\/wp-content\/uploads\/2021\/02\/pexels-dids-1616472-1-scaled-1.jpg\" alt=\"\" class=\"wp-image-2203 size-full\" srcset=\"https:\/\/maf.invictus-asso.fr\/wp-content\/uploads\/2021\/02\/pexels-dids-1616472-1-scaled-1.jpg 2560w, https:\/\/maf.invictus-asso.fr\/wp-content\/uploads\/2021\/02\/pexels-dids-1616472-1-scaled-1-300x200.jpg 300w, https:\/\/maf.invictus-asso.fr\/wp-content\/uploads\/2021\/02\/pexels-dids-1616472-1-scaled-1-1024x683.jpg 1024w, https:\/\/maf.invictus-asso.fr\/wp-content\/uploads\/2021\/02\/pexels-dids-1616472-1-scaled-1-768x512.jpg 768w, https:\/\/maf.invictus-asso.fr\/wp-content\/uploads\/2021\/02\/pexels-dids-1616472-1-scaled-1-1536x1024.jpg 1536w, https:\/\/maf.invictus-asso.fr\/wp-content\/uploads\/2021\/02\/pexels-dids-1616472-1-scaled-1-2048x1366.jpg 2048w, https:\/\/maf.invictus-asso.fr\/wp-content\/uploads\/2021\/02\/pexels-dids-1616472-1-scaled-1-600x400.jpg 600w\" sizes=\"(max-width: 2560px) 100vw, 2560px\" \/><\/figure><\/div>\n\n\n<form role=\"search\" method=\"get\" action=\"https:\/\/maf.invictus-asso.fr\/\" class=\"wp-block-search__button-outside wp-block-search__text-button wp-block-search\"    ><label class=\"wp-block-search__label\" for=\"wp-block-search__input-1\" ><font style=\"vertical-align: inherit\"><font style=\"vertical-align: inherit\">De quelle aide avez-vous besoin?<\/font><\/font><\/label><div class=\"wp-block-search__inside-wrapper\" ><input class=\"wp-block-search__input\" id=\"wp-block-search__input-1\" placeholder=\"\" value=\"\" type=\"search\" name=\"s\" required \/><button aria-label=\"Recherche\" class=\"wp-block-search__button wp-element-button\" type=\"submit\" ><font style=\"vertical-align: inherit\"><font style=\"vertical-align: inherit\">Recherche<\/font><\/font><\/button><\/div><\/form>\n\n\n<div class=\"wp-block-columns is-layout-flex wp-container-core-columns-is-layout-7387b849 wp-block-columns-is-layout-flex\">\n<div class=\"wp-block-column is-layout-flow wp-block-column-is-layout-flow\">\n<div class=\"wp-block-columns is-layout-flex wp-container-core-columns-is-layout-7387b849 wp-block-columns-is-layout-flex\">\n<div class=\"wp-block-column is-layout-flow wp-block-column-is-layout-flow\" style=\"flex-basis:100%\">\n<h2 class=\"wp-block-heading has-text-align-center\" id=\"h-frequently-asked-questions\"><font style=\"vertical-align: inherit;\"><font style=\"vertical-align: inherit;\">Questions fr\u00e9quemment pos\u00e9es<\/font><\/font><\/h2>\n<\/div>\n<\/div>\n<\/div>\n<\/div>\n\n\n\n<div class=\"wp-block-columns is-layout-flex wp-container-core-columns-is-layout-7387b849 wp-block-columns-is-layout-flex\">\n<div class=\"wp-block-column is-layout-flow wp-block-column-is-layout-flow\">\n<h3 class=\"wp-block-heading alignwide has-text-align-left\" id=\"h-what-if-i-change-my-mind\"><font style=\"vertical-align: inherit;\"><font style=\"vertical-align: inherit;\">Qu&rsquo;est-ce qu&rsquo;une Maison d&rsquo;Accueil Familial (MAF) ?<\/font><\/font><\/h3>\n<\/div>\n\n\n\n<div class=\"wp-block-column is-layout-flow wp-block-column-is-layout-flow\">\n<p class=\"wp-block-paragraph\"><font style=\"vertical-align: inherit;\"><font style=\"vertical-align: inherit;\">Une Maison d&rsquo;Accueil Familial est un \u00e9tablissement o\u00f9 des familles accueillent des personnes en situation de d\u00e9pendance ou de fragilit\u00e9, telles que des personnes \u00e2g\u00e9es ou des personnes en situation de handicap. L&rsquo;objectif est d&rsquo;offrir un cadre de vie familial, chaleureux et adapt\u00e9 aux besoins des r\u00e9sidents.<\/font><\/font><\/p>\n<\/div>\n<\/div>\n\n\n\n<div class=\"wp-block-columns is-layout-flex wp-container-core-columns-is-layout-7387b849 wp-block-columns-is-layout-flex\">\n<div class=\"wp-block-column is-layout-flow wp-block-column-is-layout-flow\">\n<h3 class=\"wp-block-heading alignfull\" id=\"h-is-your-product-eco-friendly\"><font style=\"vertical-align: inherit;\"><font style=\"vertical-align: inherit;\">Qui peut \u00eatre accueilli dans une MAF ?<\/font><\/font><\/h3>\n<\/div>\n\n\n\n<div class=\"wp-block-column is-layout-flow wp-block-column-is-layout-flow\">\n<p class=\"wp-block-paragraph\"><font style=\"vertical-align: inherit;\"><font style=\"vertical-align: inherit;\">Les MAF accueillent g\u00e9n\u00e9ralement des personnes \u00e2g\u00e9es, des personnes en situation de handicap ou des personnes en perte d&rsquo;autonomie de GIR 5 \u00e0 GIR 3. Chaque maison peut avoir des crit\u00e8res sp\u00e9cifiques, donc il est important de se renseigner directement aupr\u00e8s de l&rsquo;\u00e9tablissement pour conna\u00eetre les conditions d&rsquo;admission.<\/font><\/font><\/p>\n<\/div>\n<\/div>\n\n\n\n<div class=\"wp-block-columns is-layout-flex wp-container-core-columns-is-layout-7387b849 wp-block-columns-is-layout-flex\">\n<div class=\"wp-block-column is-layout-flow wp-block-column-is-layout-flow\">\n<h3 class=\"wp-block-heading alignfull\" id=\"h-do-you-offer-any-discounts\"><font style=\"vertical-align: inherit;\"><font style=\"vertical-align: inherit;\">Comment faire une demande d&rsquo;admission ?<\/font><\/font><\/h3>\n\n\n\n<p class=\"wp-block-paragraph\"><\/p>\n<\/div>\n\n\n\n<div class=\"wp-block-column is-layout-flow wp-block-column-is-layout-flow\">\n<p class=\"wp-block-paragraph\">Pour faire une demande d&rsquo;admission, vous pouvez contacter directement la MAF de votre choix. Un dossier de demande sera \u00e0 remplir, et un entretien avec les responsables pourra \u00eatre organis\u00e9 pour \u00e9valuer les besoins du futur r\u00e9sident et la capacit\u00e9 d&rsquo;accueil de la maison.<\/p>\n<\/div>\n<\/div>\n\n\n\n<div class=\"wp-block-columns is-layout-flex wp-container-core-columns-is-layout-7387b849 wp-block-columns-is-layout-flex\">\n<div class=\"wp-block-column is-layout-flow wp-block-column-is-layout-flow\">\n<h3 class=\"wp-block-heading alignfull\" id=\"h-do-you-offer-any-discounts\"><font style=\"vertical-align: inherit;\"><font style=\"vertical-align: inherit;\">Quels sont les crit\u00e8res pour choisir une MAF ?<\/font><\/font><\/h3>\n\n\n\n<p class=\"wp-block-paragraph\"><\/p>\n<\/div>\n\n\n\n<div class=\"wp-block-column is-layout-flow wp-block-column-is-layout-flow\">\n<p class=\"wp-block-paragraph\">Il est important de consid\u00e9rer plusieurs crit\u00e8res, tels que la localisation, le type d&rsquo;accueil propos\u00e9, les services disponibles, le confort des lieux, et le personnel de la maison. N&rsquo;h\u00e9sitez pas \u00e0 visiter plusieurs maisons et \u00e0 discuter avec les familles d\u00e9j\u00e0 pr\u00e9sentes pour faire le meilleur choix.<\/p>\n<\/div>\n<\/div>\n\n\n\n<div class=\"wp-block-columns is-layout-flex wp-container-core-columns-is-layout-7387b849 wp-block-columns-is-layout-flex\">\n<div class=\"wp-block-column is-layout-flow wp-block-column-is-layout-flow\">\n<h3 class=\"wp-block-heading alignfull\" id=\"h-do-you-offer-any-discounts\"><font style=\"vertical-align: inherit;\"><font style=\"vertical-align: inherit;\">Quels types de services sont offerts dans une MAF ?<\/font><\/font><\/h3>\n\n\n\n<p class=\"wp-block-paragraph\"><\/p>\n<\/div>\n\n\n\n<div class=\"wp-block-column is-layout-flow wp-block-column-is-layout-flow\">\n<p class=\"wp-block-paragraph\">Les services peuvent varier d&rsquo;une maison \u00e0 l&rsquo;autre, mais en g\u00e9n\u00e9ral, les MAF offrent des services de soins personnels, d&rsquo;accompagnement au quotidien, d&rsquo;animation et de loisirs, ainsi que de soutien psychologique. Certaines maisons peuvent \u00e9galement proposer des services de soins m\u00e9dicaux ou param\u00e9dicaux.<\/p>\n<\/div>\n<\/div>\n\n\n\n<div class=\"wp-block-columns is-layout-flex wp-container-core-columns-is-layout-7387b849 wp-block-columns-is-layout-flex\">\n<div class=\"wp-block-column is-layout-flow wp-block-column-is-layout-flow\">\n<h3 class=\"wp-block-heading alignfull\" id=\"h-do-you-offer-any-discounts\"><font style=\"vertical-align: inherit;\"><font style=\"vertical-align: inherit;\">Quel est le co\u00fbt d&rsquo;une admission en MAF ?<\/font><\/font><\/h3>\n\n\n\n<p class=\"wp-block-paragraph\"><\/p>\n<\/div>\n\n\n\n<div class=\"wp-block-column is-layout-flow wp-block-column-is-layout-flow\">\n<p class=\"wp-block-paragraph\">Le co\u00fbt d&rsquo;admission peut varier en fonction des services offerts et des prestations fournies. Il est recommand\u00e9 de se renseigner directement aupr\u00e8s de la MAF pour obtenir des informations pr\u00e9cises sur les tarifs et les aides financi\u00e8res possibles.<\/p>\n<\/div>\n<\/div>\n\n\n\n<div class=\"wp-block-columns is-layout-flex wp-container-core-columns-is-layout-7387b849 wp-block-columns-is-layout-flex\">\n<div class=\"wp-block-column is-layout-flow wp-block-column-is-layout-flow\">\n<h3 class=\"wp-block-heading alignfull\" id=\"h-do-you-offer-any-discounts\"><font style=\"vertical-align: inherit;\"><font style=\"vertical-align: inherit;\">Quelles sont les d\u00e9marches administratives n\u00e9cessaires ?<\/font><\/font><\/h3>\n\n\n\n<p class=\"wp-block-paragraph\"><\/p>\n<\/div>\n\n\n\n<div class=\"wp-block-column is-layout-flow wp-block-column-is-layout-flow\">\n<p class=\"wp-block-paragraph\">Les d\u00e9marches administratives incluent g\u00e9n\u00e9ralement la fourniture de documents m\u00e9dicaux, sociaux et administratifs, ainsi que la signature d&rsquo;un contrat d&rsquo;accueil. Le personnel de la MAF pourra vous guider dans ces d\u00e9marches.<\/p>\n<\/div>\n<\/div>\n\n\n\n<div class=\"wp-block-columns is-layout-flex wp-container-core-columns-is-layout-7387b849 wp-block-columns-is-layout-flex\">\n<div class=\"wp-block-column is-layout-flow wp-block-column-is-layout-flow\">\n<h3 class=\"wp-block-heading alignfull\" id=\"h-do-you-offer-any-discounts\"><font style=\"vertical-align: inherit;\"><font style=\"vertical-align: inherit;\">Les visites sont-elles autoris\u00e9es ?<\/font><\/font><\/h3>\n\n\n\n<p class=\"wp-block-paragraph\"><\/p>\n<\/div>\n\n\n\n<div class=\"wp-block-column is-layout-flow wp-block-column-is-layout-flow\">\n<p class=\"wp-block-paragraph\">Oui, la plupart des MAF autorisent les visites. Cependant, il est conseill\u00e9 de v\u00e9rifier les horaires et les conditions de visite aupr\u00e8s de la maison, notamment pour respecter les r\u00e8gles en mati\u00e8re de sant\u00e9 et de s\u00e9curit\u00e9.<\/p>\n<\/div>\n<\/div>\n\n\n\n<div class=\"wp-block-columns is-layout-flex wp-container-core-columns-is-layout-7387b849 wp-block-columns-is-layout-flex\">\n<div class=\"wp-block-column is-layout-flow wp-block-column-is-layout-flow\">\n<h3 class=\"wp-block-heading alignfull\" id=\"h-do-you-offer-any-discounts\"><font style=\"vertical-align: inherit;\"><font style=\"vertical-align: inherit;\">Comment se passe l&rsquo;int\u00e9gration d&rsquo;un nouveau r\u00e9sident ?<\/font><\/font><\/h3>\n\n\n\n<p class=\"wp-block-paragraph\"><\/p>\n<\/div>\n\n\n\n<div class=\"wp-block-column is-layout-flow wp-block-column-is-layout-flow\">\n<p class=\"wp-block-paragraph\">L&rsquo;int\u00e9gration se fait g\u00e9n\u00e9ralement en plusieurs \u00e9tapes, avec une phase d&rsquo;adaptation au sein de la maison, des rencontres avec le personnel et les autres r\u00e9sidents, et une \u00e9valuation continue pour ajuster les services aux besoins sp\u00e9cifiques du nouveau r\u00e9sident.<\/p>\n<\/div>\n<\/div>\n\n\n\n<div class=\"wp-block-columns is-layout-flex wp-container-core-columns-is-layout-7387b849 wp-block-columns-is-layout-flex\">\n<div class=\"wp-block-column is-layout-flow wp-block-column-is-layout-flow\">\n<h3 class=\"wp-block-heading alignfull\" id=\"h-do-you-offer-any-discounts\"><font style=\"vertical-align: inherit;\"><font style=\"vertical-align: inherit;\">O\u00f9 puis-je obtenir plus d&rsquo;informations ?<\/font><\/font><\/h3>\n\n\n\n<p class=\"wp-block-paragraph\"><\/p>\n<\/div>\n\n\n\n<div class=\"wp-block-column is-layout-flow wp-block-column-is-layout-flow\">\n<p class=\"wp-block-paragraph\">Pour obtenir plus d&rsquo;informations, vous pouvez contacter directement la Maison d&rsquo;Accueil Familial de votre choix ou consulter leur site web. Vous pouvez \u00e9galement vous renseigner aupr\u00e8s des associations locales ou des services sociaux pour des recommandations et des conseils suppl\u00e9mentaires.<\/p>\n<\/div>\n<\/div>\n\n\n\n<h2 class=\"wp-block-heading has-text-align-center\" id=\"h-still-need-help-we-re-here\"><font style=\"vertical-align: inherit;\"><font style=\"vertical-align: inherit;\">Vous avez encore besoin d&rsquo;aide ? Nous sommes l\u00e0 !<\/font><\/font><\/h2>\n\n\n\n<div class=\"wp-block-buttons is-horizontal is-content-justification-center is-layout-flex wp-container-core-buttons-is-layout-cbcdc57d wp-block-buttons-is-layout-flex\">\n<div class=\"wp-block-button\"><a class=\"wp-block-button__link wp-element-button\"><font style=\"vertical-align: inherit;\"><font style=\"vertical-align: inherit;\">Contactez-nous maintenant<\/font><\/font><\/a><\/div>\n<\/div>\n\n\n\n<p class=\"wp-block-paragraph\"><\/p>\n","protected":false},"excerpt":{"rendered":"<p>Vous avez des questions ? Nous sommes l\u00e0 pour vous aider Questions fr\u00e9quemment pos\u00e9es Qu&rsquo;est-ce qu&rsquo;une Maison d&rsquo;Accueil Familial (MAF) ? Une Maison d&rsquo;Accueil Familial est un \u00e9tablissement o\u00f9 des familles accueillent des personnes en situation de d\u00e9pendance ou de fragilit\u00e9, telles que des personnes \u00e2g\u00e9es ou des personnes en situation de handicap. L&rsquo;objectif est [&hellip;]<\/p>\n","protected":false},"author":1,"featured_media":0,"parent":0,"menu_order":0,"comment_status":"closed","ping_status":"closed","template":"","meta":{"_crdt_document":"","_uag_custom_page_level_css":"","site-sidebar-layout":"default","site-content-layout":"","ast-site-content-layout":"default","site-content-style":"default","site-sidebar-style":"default","ast-global-header-display":"","ast-banner-title-visibility":"","ast-main-header-display":"","ast-hfb-above-header-display":"","ast-hfb-below-header-display":"","ast-hfb-mobile-header-display":"","site-post-title":"","ast-breadcrumbs-content":"","ast-featured-img":"","footer-sml-layout":"","ast-disable-related-posts":"","theme-transparent-header-meta":"","adv-header-id-meta":"","stick-header-meta":"","header-above-stick-meta":"","header-main-stick-meta":"","header-below-stick-meta":"","astra-migrate-meta-layouts":"default","ast-page-background-enabled":"default","ast-page-background-meta":{"desktop":{"background-color":"var(--ast-global-color-4)","background-image":"","background-repeat":"repeat","background-position":"center center","background-size":"auto","background-attachment":"scroll","background-type":"","background-media":"","overlay-type":"","overlay-color":"","overlay-opacity":"","overlay-gradient":""},"tablet":{"background-color":"","background-image":"","background-repeat":"repeat","background-position":"center center","background-size":"auto","background-attachment":"scroll","background-type":"","background-media":"","overlay-type":"","overlay-color":"","overlay-opacity":"","overlay-gradient":""},"mobile":{"background-color":"","background-image":"","background-repeat":"repeat","background-position":"center center","background-size":"auto","background-attachment":"scroll","background-type":"","background-media":"","overlay-type":"","overlay-color":"","overlay-opacity":"","overlay-gradient":""}},"ast-content-background-meta":{"desktop":{"background-color":"var(--ast-global-color-5)","background-image":"","background-repeat":"repeat","background-position":"center center","background-size":"auto","background-attachment":"scroll","background-type":"","background-media":"","overlay-type":"","overlay-color":"","overlay-opacity":"","overlay-gradient":""},"tablet":{"background-color":"var(--ast-global-color-5)","background-image":"","background-repeat":"repeat","background-position":"center center","background-size":"auto","background-attachment":"scroll","background-type":"","background-media":"","overlay-type":"","overlay-color":"","overlay-opacity":"","overlay-gradient":""},"mobile":{"background-color":"var(--ast-global-color-5)","background-image":"","background-repeat":"repeat","background-position":"center center","background-size":"auto","background-attachment":"scroll","background-type":"","background-media":"","overlay-type":"","overlay-color":"","overlay-opacity":"","overlay-gradient":""}},"footnotes":""},"class_list":["post-2494","page","type-page","status-publish","hentry"],"aioseo_notices":[],"uagb_featured_image_src":{"full":false,"thumbnail":false,"medium":false,"medium_large":false,"large":false,"1536x1536":false,"2048x2048":false,"woocommerce_thumbnail":false,"woocommerce_single":false,"woocommerce_gallery_thumbnail":false},"uagb_author_info":{"display_name":"admin","author_link":"https:\/\/maf.invictus-asso.fr\/index.php\/author\/alladin\/"},"uagb_comment_info":0,"uagb_excerpt":"Vous avez des questions ? Nous sommes l\u00e0 pour vous aider Questions fr\u00e9quemment pos\u00e9es Qu&rsquo;est-ce qu&rsquo;une Maison d&rsquo;Accueil Familial (MAF) ? Une Maison d&rsquo;Accueil Familial est un \u00e9tablissement o\u00f9 des familles accueillent des personnes en situation de d\u00e9pendance ou de fragilit\u00e9, telles que des personnes \u00e2g\u00e9es ou des personnes en situation de handicap. L&rsquo;objectif est\u2026","_links":{"self":[{"href":"https:\/\/maf.invictus-asso.fr\/index.php\/wp-json\/wp\/v2\/pages\/2494","targetHints":{"allow":["GET"]}}],"collection":[{"href":"https:\/\/maf.invictus-asso.fr\/index.php\/wp-json\/wp\/v2\/pages"}],"about":[{"href":"https:\/\/maf.invictus-asso.fr\/index.php\/wp-json\/wp\/v2\/types\/page"}],"author":[{"embeddable":true,"href":"https:\/\/maf.invictus-asso.fr\/index.php\/wp-json\/wp\/v2\/users\/1"}],"replies":[{"embeddable":true,"href":"https:\/\/maf.invictus-asso.fr\/index.php\/wp-json\/wp\/v2\/comments?post=2494"}],"version-history":[{"count":7,"href":"https:\/\/maf.invictus-asso.fr\/index.php\/wp-json\/wp\/v2\/pages\/2494\/revisions"}],"predecessor-version":[{"id":2662,"href":"https:\/\/maf.invictus-asso.fr\/index.php\/wp-json\/wp\/v2\/pages\/2494\/revisions\/2662"}],"wp:attachment":[{"href":"https:\/\/maf.invictus-asso.fr\/index.php\/wp-json\/wp\/v2\/media?parent=2494"}],"curies":[{"name":"wp","href":"https:\/\/api.w.org\/{rel}","templated":true}]}}